{"id":430,"date":"2023-05-21T18:02:17","date_gmt":"2023-05-21T21:02:17","guid":{"rendered":"http:\/\/sion2.frm.utn.edu.ar\/labauger\/?page_id=430"},"modified":"2023-12-27T11:53:07","modified_gmt":"2023-12-27T14:53:07","slug":"contaminacion-luminica","status":"publish","type":"page","link":"https:\/\/sion2.frm.utn.edu.ar\/labauger\/?page_id=430","title":{"rendered":"Contaminaci\u00f3n Lum\u00ednica"},"content":{"rendered":"\t\t<div data-elementor-type=\"wp-page\" data-elementor-id=\"430\" class=\"elementor elementor-430\">\n\t\t\t\t\t\t\t\t\t<section class=\"elementor-section elementor-top-section elementor-element elementor-element-122c7e4 elementor-section-boxed elementor-section-height-default elementor-section-height-default\" data-id=\"122c7e4\" data-element_type=\"section\">\n\t\t\t\t\t\t<div class=\"elementor-container elementor-column-gap-default\">\n\t\t\t\t\t<div class=\"elementor-column elementor-col-50 elementor-top-column elementor-element elementor-element-7768ca6\" data-id=\"7768ca6\" data-element_type=\"column\">\n\t\t\t<div class=\"elementor-widget-wrap elementor-element-populated\">\n\t\t\t\t\t\t\t\t<div class=\"elementor-element elementor-element-66e3e2c elementor-widget elementor-widget-text-editor\" data-id=\"66e3e2c\" data-element_type=\"widget\" data-widget_type=\"text-editor.default\">\n\t\t\t\t<div class=\"elementor-widget-container\">\n\t\t\t<style>\/*! elementor - v3.18.0 - 20-12-2023 *\/\n.elementor-widget-text-editor.elementor-drop-cap-view-stacked .elementor-drop-cap{background-color:#69727d;color:#fff}.elementor-widget-text-editor.elementor-drop-cap-view-framed .elementor-drop-cap{color:#69727d;border:3px solid;background-color:transparent}.elementor-widget-text-editor:not(.elementor-drop-cap-view-default) .elementor-drop-cap{margin-top:8px}.elementor-widget-text-editor:not(.elementor-drop-cap-view-default) .elementor-drop-cap-letter{width:1em;height:1em}.elementor-widget-text-editor .elementor-drop-cap{float:left;text-align:center;line-height:1;font-size:50px}.elementor-widget-text-editor .elementor-drop-cap-letter{display:inline-block}<\/style>\t\t\t\t<h6><strong>\u00bfQu\u00e9 es la contaminaci\u00f3n o poluci\u00f3n lum\u00ednica?<\/strong><\/h6><p>Es el brillo o resplandor de luz en el cielo nocturno producido por la reflexi\u00f3n y difusi\u00f3n de la luz artificial en los gases y en las part\u00edculas del aire. Entre otras cosas, es lo que nos impide disfrutar del derecho que tenemos a poder observar el firmamento.<\/p><p>\u00a0<\/p><p>Basta salir una noche, y ver el resplandor producido por nuestras ciudades en el cielo. Se forma una capa de color gris que adopta la forma de una nube luminosa. La manifestaci\u00f3n m\u00e1s evidente de la presencia de poluci\u00f3n lum\u00ednica es el aumento del brillo del cielo nocturno, haciendo desaparecer estrellas y dem\u00e1s objetos celestes.<\/p><p>\u00a0<\/p><p>Se produce por una mala calidad y orientaci\u00f3n del alumbrado exterior.<\/p>\t\t\t\t\t\t<\/div>\n\t\t\t\t<\/div>\n\t\t\t\t\t<\/div>\n\t\t<\/div>\n\t\t\t\t<div class=\"elementor-column elementor-col-50 elementor-top-column elementor-element elementor-element-227a051\" data-id=\"227a051\" data-element_type=\"column\">\n\t\t\t<div class=\"elementor-widget-wrap elementor-element-populated\">\n\t\t\t\t\t\t\t\t<div class=\"elementor-element elementor-element-23272df elementor-invisible elementor-widget elementor-widget-image\" data-id=\"23272df\" data-element_type=\"widget\" data-settings=\"{&quot;_animation&quot;:&quot;fadeInDown&quot;}\" data-widget_type=\"image.default\">\n\t\t\t\t<div class=\"elementor-widget-container\">\n\t\t\t<style>\/*! elementor - v3.18.0 - 20-12-2023 *\/\n.elementor-widget-image{text-align:center}.elementor-widget-image a{display:inline-block}.elementor-widget-image a img[src$=\".svg\"]{width:48px}.elementor-widget-image img{vertical-align:middle;display:inline-block}<\/style>\t\t\t\t\t\t\t\t\t<figure class=\"wp-caption\">\n\t\t\t\t\t\t\t\t\t\t\t<a href=\"http:\/\/sion2.frm.utn.edu.ar\/labauger\/wp-content\/uploads\/2023\/05\/Mendoza-desde-DivisaderoLrgo-scaled.jpg\" data-elementor-open-lightbox=\"yes\" data-elementor-lightbox-title=\"Mendoza-desde-DivisaderoLrgo\" data-e-action-hash=\"#elementor-action%3Aaction%3Dlightbox%26settings%3DeyJpZCI6NTAwLCJ1cmwiOiJodHRwczpcL1wvc2lvbjIuZnJtLnV0bi5lZHUuYXJcL2xhYmF1Z2VyXC93cC1jb250ZW50XC91cGxvYWRzXC8yMDIzXC8wNVwvTWVuZG96YS1kZXNkZS1EaXZpc2FkZXJvTHJnby1zY2FsZWQuanBnIn0%3D\">\n\t\t\t\t\t\t\t<img decoding=\"async\" width=\"300\" height=\"146\" src=\"https:\/\/sion2.frm.utn.edu.ar\/labauger\/wp-content\/uploads\/2023\/05\/Mendoza-desde-DivisaderoLrgo-300x146.jpg\" class=\"attachment-medium size-medium wp-image-500\" alt=\"\" srcset=\"https:\/\/sion2.frm.utn.edu.ar\/labauger\/wp-content\/uploads\/2023\/05\/Mendoza-desde-DivisaderoLrgo-300x146.jpg 300w, https:\/\/sion2.frm.utn.edu.ar\/labauger\/wp-content\/uploads\/2023\/05\/Mendoza-desde-DivisaderoLrgo-1024x498.jpg 1024w, https:\/\/sion2.frm.utn.edu.ar\/labauger\/wp-content\/uploads\/2023\/05\/Mendoza-desde-DivisaderoLrgo-768x373.jpg 768w, https:\/\/sion2.frm.utn.edu.ar\/labauger\/wp-content\/uploads\/2023\/05\/Mendoza-desde-DivisaderoLrgo-1536x747.jpg 1536w, https:\/\/sion2.frm.utn.edu.ar\/labauger\/wp-content\/uploads\/2023\/05\/Mendoza-desde-DivisaderoLrgo-2048x996.jpg 2048w\" sizes=\"(max-width: 300px) 100vw, 300px\" \/>\t\t\t\t\t\t\t\t<\/a>\n\t\t\t\t\t\t\t\t\t\t\t<figcaption class=\"widget-image-caption wp-caption-text\">Divisadero Largo - Mendoza<\/figcaption>\n\t\t\t\t\t\t\t\t\t\t<\/figure>\n\t\t\t\t\t\t\t\t\t<\/div>\n\t\t\t\t<\/div>\n\t\t\t\t<div class=\"elementor-element elementor-element-35b04ea elementor-invisible elementor-widget elementor-widget-image\" data-id=\"35b04ea\" data-element_type=\"widget\" data-settings=\"{&quot;_animation&quot;:&quot;fadeInDown&quot;}\" data-widget_type=\"image.default\">\n\t\t\t\t<div class=\"elementor-widget-container\">\n\t\t\t\t\t\t\t\t\t\t\t\t<figure class=\"wp-caption\">\n\t\t\t\t\t\t\t\t\t\t\t<a href=\"http:\/\/sion2.frm.utn.edu.ar\/labauger\/wp-content\/uploads\/2023\/05\/Azopardo-al100-Escuela-Rawson-Godoy-Cruz.jpg\" data-elementor-open-lightbox=\"yes\" data-elementor-lightbox-title=\"ela Rawson-Godoy Cruz\" data-e-action-hash=\"#elementor-action%3Aaction%3Dlightbox%26settings%3DeyJpZCI6NDk2LCJ1cmwiOiJodHRwczpcL1wvc2lvbjIuZnJtLnV0bi5lZHUuYXJcL2xhYmF1Z2VyXC93cC1jb250ZW50XC91cGxvYWRzXC8yMDIzXC8wNVwvQXpvcGFyZG8tYWwxMDAtRXNjdWVsYS1SYXdzb24tR29kb3ktQ3J1ei5qcGcifQ%3D%3D\">\n\t\t\t\t\t\t\t<img decoding=\"async\" width=\"300\" height=\"146\" src=\"https:\/\/sion2.frm.utn.edu.ar\/labauger\/wp-content\/uploads\/2023\/05\/Azopardo-al100-Escuela-Rawson-Godoy-Cruz-300x146.jpg\" class=\"attachment-medium size-medium wp-image-496\" alt=\"\" srcset=\"https:\/\/sion2.frm.utn.edu.ar\/labauger\/wp-content\/uploads\/2023\/05\/Azopardo-al100-Escuela-Rawson-Godoy-Cruz-300x146.jpg 300w, https:\/\/sion2.frm.utn.edu.ar\/labauger\/wp-content\/uploads\/2023\/05\/Azopardo-al100-Escuela-Rawson-Godoy-Cruz-1024x498.jpg 1024w, https:\/\/sion2.frm.utn.edu.ar\/labauger\/wp-content\/uploads\/2023\/05\/Azopardo-al100-Escuela-Rawson-Godoy-Cruz-768x373.jpg 768w, https:\/\/sion2.frm.utn.edu.ar\/labauger\/wp-content\/uploads\/2023\/05\/Azopardo-al100-Escuela-Rawson-Godoy-Cruz-1536x747.jpg 1536w, https:\/\/sion2.frm.utn.edu.ar\/labauger\/wp-content\/uploads\/2023\/05\/Azopardo-al100-Escuela-Rawson-Godoy-Cruz.jpg 1853w\" sizes=\"(max-width: 300px) 100vw, 300px\" \/>\t\t\t\t\t\t\t\t<\/a>\n\t\t\t\t\t\t\t\t\t\t\t<figcaption class=\"widget-image-caption wp-caption-text\">Godoy Cruz - Mendoza (05:00 a.m.)<\/figcaption>\n\t\t\t\t\t\t\t\t\t\t<\/figure>\n\t\t\t\t\t\t\t\t\t<\/div>\n\t\t\t\t<\/div>\n\t\t\t\t<div class=\"elementor-element elementor-element-5a27df9 elementor-invisible elementor-widget elementor-widget-image\" data-id=\"5a27df9\" data-element_type=\"widget\" data-settings=\"{&quot;motion_fx_motion_fx_mouse&quot;:&quot;yes&quot;,&quot;_animation&quot;:&quot;fadeInDown&quot;}\" data-widget_type=\"image.default\">\n\t\t\t\t<div class=\"elementor-widget-container\">\n\t\t\t\t\t\t\t\t\t\t\t\t<figure class=\"wp-caption\">\n\t\t\t\t\t\t\t\t\t\t\t<a href=\"http:\/\/sion2.frm.utn.edu.ar\/labauger\/wp-content\/uploads\/2023\/05\/CarrilMathusHoyos-Guaymallen-al-200.jpg\" data-elementor-open-lightbox=\"yes\" data-elementor-lightbox-title=\"CarrilMathusHoyos-Guaymallen-al 200\" data-e-action-hash=\"#elementor-action%3Aaction%3Dlightbox%26settings%3DeyJpZCI6NDk3LCJ1cmwiOiJodHRwczpcL1wvc2lvbjIuZnJtLnV0bi5lZHUuYXJcL2xhYmF1Z2VyXC93cC1jb250ZW50XC91cGxvYWRzXC8yMDIzXC8wNVwvQ2FycmlsTWF0aHVzSG95b3MtR3VheW1hbGxlbi1hbC0yMDAuanBnIn0%3D\">\n\t\t\t\t\t\t\t<img decoding=\"async\" width=\"300\" height=\"146\" src=\"https:\/\/sion2.frm.utn.edu.ar\/labauger\/wp-content\/uploads\/2023\/05\/CarrilMathusHoyos-Guaymallen-al-200-300x146.jpg\" class=\"attachment-medium size-medium wp-image-497\" alt=\"\" srcset=\"https:\/\/sion2.frm.utn.edu.ar\/labauger\/wp-content\/uploads\/2023\/05\/CarrilMathusHoyos-Guaymallen-al-200-300x146.jpg 300w, https:\/\/sion2.frm.utn.edu.ar\/labauger\/wp-content\/uploads\/2023\/05\/CarrilMathusHoyos-Guaymallen-al-200-1024x498.jpg 1024w, https:\/\/sion2.frm.utn.edu.ar\/labauger\/wp-content\/uploads\/2023\/05\/CarrilMathusHoyos-Guaymallen-al-200-768x373.jpg 768w, https:\/\/sion2.frm.utn.edu.ar\/labauger\/wp-content\/uploads\/2023\/05\/CarrilMathusHoyos-Guaymallen-al-200-1536x747.jpg 1536w, https:\/\/sion2.frm.utn.edu.ar\/labauger\/wp-content\/uploads\/2023\/05\/CarrilMathusHoyos-Guaymallen-al-200.jpg 1853w\" sizes=\"(max-width: 300px) 100vw, 300px\" \/>\t\t\t\t\t\t\t\t<\/a>\n\t\t\t\t\t\t\t\t\t\t\t<figcaption class=\"widget-image-caption wp-caption-text\">Guaymall\u00e9n - Mendoza <\/figcaption>\n\t\t\t\t\t\t\t\t\t\t<\/figure>\n\t\t\t\t\t\t\t\t\t<\/div>\n\t\t\t\t<\/div>\n\t\t\t\t\t<\/div>\n\t\t<\/div>\n\t\t\t\t\t\t\t<\/div>\n\t\t<\/section>\n\t\t\t\t<section class=\"elementor-section elementor-top-section elementor-element elementor-element-085d2d7 elementor-section-boxed elementor-section-height-default elementor-section-height-default\" data-id=\"085d2d7\" data-element_type=\"section\">\n\t\t\t\t\t\t<div class=\"elementor-container elementor-column-gap-default\">\n\t\t\t\t\t<div class=\"elementor-column elementor-col-100 elementor-top-column elementor-element elementor-element-a4989c9\" data-id=\"a4989c9\" data-element_type=\"column\">\n\t\t\t<div class=\"elementor-widget-wrap elementor-element-populated\">\n\t\t\t\t\t\t\t\t<div class=\"elementor-element elementor-element-f998926 elementor-widget elementor-widget-text-editor\" data-id=\"f998926\" data-element_type=\"widget\" data-widget_type=\"text-editor.default\">\n\t\t\t\t<div class=\"elementor-widget-container\">\n\t\t\t\t\t\t\t<h6><strong>Consecuencias<\/strong><\/h6><p><em>\u2013<strong> Luz intrusa<\/strong><\/em><\/p><p>Cuando una instalaci\u00f3n de iluminaci\u00f3n emite luz en direcciones que exceden el \u00e1rea donde es necesaria, invadiendo zonas vecinas.<\/p><p><em>\u2013 <strong>Difusi\u00f3n hacia el cielo<\/strong><\/em><\/p><p>Difusi\u00f3n de la luz por parte de las mol\u00e9culas del aire y del polvo en suspensi\u00f3n. Esto produce que parte del haz luminoso sea desviado de su direcci\u00f3n original y acabe siendo dispersado en todas las direcciones, en particular hacia el cielo.<\/p><p><em>\u2013 <strong>Deslumbramiento<\/strong><\/em><\/p><p>Cuando las personas que transitan por la v\u00eda p\u00fablica encuentran su visibilidad dificultada o imposibilitada por el efecto de la luz emitida por instalaciones de iluminaci\u00f3n artificial.<br \/>Es una manifestaci\u00f3n de la contaminaci\u00f3n lum\u00ednica especialmente peligrosa para el tr\u00e1nsito rodado, siendo la causa de un n\u00famero importante de accidentes.<\/p><p><em>\u2013 <b>Sobreconsumo<\/b><\/em><\/p><p>Cuando la emisi\u00f3n artificial de luz implica un consumo energ\u00e9tico excesivo debido a la intensidad, horario de funciona miento y\/o su distribuci\u00f3n espectral<\/p><ul><li>Aspectos Ecol\u00f3gicos<br \/>\u2013 Indirecto: Abuso de recursos naturales. El sobreconsumo genera m\u00e1s gases de centrales t\u00e9rmicas y residuos nucleares.<br \/>\u2013 Directo: es menos evidente, m\u00e1s dif\u00edcil de medir. Sin embargo, sabemos que existen efectos en la vida silvestre.<\/li><\/ul><ul><li>Aspectos en la salud humana<br \/>\u2013 Alteraci\u00f3n de los Ritmos Circadianos registrados.<br \/>\u2013 Alteraciones en el nivel de melatonina provoca c\u00e1ncer.<\/li><\/ul><ul><li>Aspectos Econ\u00f3micos<br \/>\u2013 Alumbrado p\u00fablico: 50% del gasto para los municipios.<br \/>\u2013 La cantidad de luz utilizada para iluminar nubes equivale a la generaci\u00f3n de una central nuclear de media potencia. Alemania (1998).<br \/>\u2013 Ahorro en el consumo privado es similar, adecuando horarios y potencias.<\/li><\/ul><ul><li>Seguridad<br \/>\u2013 Dificultad de la adaptaci\u00f3n de la visi\u00f3n al salir del \u00e1rea sobreiluminada.<br \/>\u2013 Deslumbramiento, formaci\u00f3n de \u201ccortinas de luz\u201d: impiden la percepci\u00f3n del exterior del \u00e1rea desde su interior.<\/li><\/ul><ul><li>Aspectos Sociales<br \/>\u2013 Dificulta, o imposibilita, la observaci\u00f3n del firmamento, suponiendo una p\u00e9rdida cultural y paisaj\u00edstica de valor incalculable.<br \/>\u2013 P\u00e9rdida de las noches con estrellas, patrimonio de generaciones futuras y origen de nuestra cultura y civilizaci\u00f3n, (mitolog\u00eda, filosof\u00eda, cosmogon\u00eda, ciencia, etc.).<\/li><\/ul><ul><li>Aspectos t\u00e9cnicos<br \/>\u2013 Concepto de iluminaci\u00f3n eficiente: mas luz no necesariamente es iluminar mejor.<br \/>\u2013 A tener en cuenta: caracter\u00edsticas de la poblaci\u00f3n y sus actividades; regulaci\u00f3n de luminarias encendidas de acuerdo a la hora y a la \u00e9poca del a\u00f1o; limitaci\u00f3n de la intrusi\u00f3n lum\u00ednica, el deslumbramiento y la difusi\u00f3n hacia el cielo, teniendo siempre en cuenta un dise\u00f1o correcto de la instalaci\u00f3n; tipo de l\u00e1mpara y tipo de luminaria.<\/li><\/ul>\t\t\t\t\t\t<\/div>\n\t\t\t\t<\/div>\n\t\t\t\t\t<\/div>\n\t\t<\/div>\n\t\t\t\t\t\t\t<\/div>\n\t\t<\/section>\n\t\t\t\t<section class=\"elementor-section elementor-top-section elementor-element elementor-element-a9d1e1e elementor-section-boxed elementor-section-height-default elementor-section-height-default\" data-id=\"a9d1e1e\" data-element_type=\"section\">\n\t\t\t\t\t\t<div class=\"elementor-container elementor-column-gap-default\">\n\t\t\t\t\t<div class=\"elementor-column elementor-col-66 elementor-top-column elementor-element elementor-element-3984351\" data-id=\"3984351\" data-element_type=\"column\">\n\t\t\t<div class=\"elementor-widget-wrap elementor-element-populated\">\n\t\t\t\t\t\t\t\t<div class=\"elementor-element elementor-element-93af10c elementor-widget elementor-widget-text-editor\" data-id=\"93af10c\" data-element_type=\"widget\" data-widget_type=\"text-editor.default\">\n\t\t\t\t<div class=\"elementor-widget-container\">\n\t\t\t\t\t\t\t<h6><strong>\u00bfC\u00f3mo combatir la PL y apostar al ahorro energ\u00e9tico?<br \/><\/strong><\/h6><ul><li>Evitar mantener encendidas luces interiores y exteriores cuando no sea necesario.<\/li><li>Utilizar l\u00e1mparas de bajo consumo y, en alumbrados de seguridad, de vapor de sodio de baja presi\u00f3n.<\/li><li>Que los municipios que dispongan de ordenanzas de medio ambiente, incluyan en ellas el concepto de contaminaci\u00f3n lum\u00ednica.<\/li><li>Aprobar reglamentos de control de las futuras instalaciones lum\u00ednicas y dise\u00f1ar planes de remodelaci\u00f3n de las actuales.<\/li><li>Exigir en todo proyecto urban\u00edstico que el alumbrado p\u00fablico se haga con criterios de ahorro utilizando las luminarias con mejor eficiencia energ\u00e9tica.<\/li><li>Promover en todo nivel educativo la inserci\u00f3n del tema de contaminaci\u00f3n lum\u00ednica dentro de las tem\u00e1ticas medio ambientales y educativas.<\/li><li>Es conveniente el desarrollo de campa\u00f1as de informaci\u00f3n ciudadana.<\/li><\/ul>\t\t\t\t\t\t<\/div>\n\t\t\t\t<\/div>\n\t\t\t\t\t<\/div>\n\t\t<\/div>\n\t\t\t\t<div class=\"elementor-column elementor-col-33 elementor-top-column elementor-element elementor-element-29895f9\" data-id=\"29895f9\" data-element_type=\"column\">\n\t\t\t<div class=\"elementor-widget-wrap elementor-element-populated\">\n\t\t\t\t\t\t\t\t<div class=\"elementor-element elementor-element-b44d8a2 elementor-invisible elementor-widget elementor-widget-image\" data-id=\"b44d8a2\" data-element_type=\"widget\" data-settings=\"{&quot;_animation&quot;:&quot;fadeInDown&quot;}\" data-widget_type=\"image.default\">\n\t\t\t\t<div class=\"elementor-widget-container\">\n\t\t\t\t\t\t\t\t\t\t\t\t<figure class=\"wp-caption\">\n\t\t\t\t\t\t\t\t\t\t\t<a href=\"http:\/\/sion2.frm.utn.edu.ar\/labauger\/wp-content\/uploads\/2023\/05\/PazaIndependencia.jpg\" data-elementor-open-lightbox=\"yes\" data-elementor-lightbox-title=\"PazaIndependencia\" data-e-action-hash=\"#elementor-action%3Aaction%3Dlightbox%26settings%3DeyJpZCI6NDk5LCJ1cmwiOiJodHRwczpcL1wvc2lvbjIuZnJtLnV0bi5lZHUuYXJcL2xhYmF1Z2VyXC93cC1jb250ZW50XC91cGxvYWRzXC8yMDIzXC8wNVwvUGF6YUluZGVwZW5kZW5jaWEuanBnIn0%3D\">\n\t\t\t\t\t\t\t<img loading=\"lazy\" decoding=\"async\" width=\"800\" height=\"389\" src=\"https:\/\/sion2.frm.utn.edu.ar\/labauger\/wp-content\/uploads\/2023\/05\/PazaIndependencia-1024x498.jpg\" class=\"attachment-large size-large wp-image-499\" alt=\"\" srcset=\"https:\/\/sion2.frm.utn.edu.ar\/labauger\/wp-content\/uploads\/2023\/05\/PazaIndependencia-1024x498.jpg 1024w, https:\/\/sion2.frm.utn.edu.ar\/labauger\/wp-content\/uploads\/2023\/05\/PazaIndependencia-300x146.jpg 300w, https:\/\/sion2.frm.utn.edu.ar\/labauger\/wp-content\/uploads\/2023\/05\/PazaIndependencia-768x373.jpg 768w, https:\/\/sion2.frm.utn.edu.ar\/labauger\/wp-content\/uploads\/2023\/05\/PazaIndependencia-1536x747.jpg 1536w, https:\/\/sion2.frm.utn.edu.ar\/labauger\/wp-content\/uploads\/2023\/05\/PazaIndependencia.jpg 1853w\" sizes=\"(max-width: 800px) 100vw, 800px\" \/>\t\t\t\t\t\t\t\t<\/a>\n\t\t\t\t\t\t\t\t\t\t\t<figcaption class=\"widget-image-caption wp-caption-text\">Plaza Independencia - Mendoza<\/figcaption>\n\t\t\t\t\t\t\t\t\t\t<\/figure>\n\t\t\t\t\t\t\t\t\t<\/div>\n\t\t\t\t<\/div>\n\t\t\t\t<div class=\"elementor-element elementor-element-5aafac5 elementor-invisible elementor-widget elementor-widget-image\" data-id=\"5aafac5\" data-element_type=\"widget\" data-settings=\"{&quot;_animation&quot;:&quot;fadeInDown&quot;}\" data-widget_type=\"image.default\">\n\t\t\t\t<div class=\"elementor-widget-container\">\n\t\t\t\t\t\t\t\t\t\t\t\t<figure class=\"wp-caption\">\n\t\t\t\t\t\t\t\t\t\t\t<a href=\"http:\/\/sion2.frm.utn.edu.ar\/labauger\/wp-content\/uploads\/2023\/05\/Terrazade-UTN-FRM.jpg\" data-elementor-open-lightbox=\"yes\" data-elementor-lightbox-title=\"Terrazade UTN-FRM\" data-e-action-hash=\"#elementor-action%3Aaction%3Dlightbox%26settings%3DeyJpZCI6NDk4LCJ1cmwiOiJodHRwczpcL1wvc2lvbjIuZnJtLnV0bi5lZHUuYXJcL2xhYmF1Z2VyXC93cC1jb250ZW50XC91cGxvYWRzXC8yMDIzXC8wNVwvVGVycmF6YWRlLVVUTi1GUk0uanBnIn0%3D\">\n\t\t\t\t\t\t\t<img loading=\"lazy\" decoding=\"async\" width=\"800\" height=\"389\" src=\"https:\/\/sion2.frm.utn.edu.ar\/labauger\/wp-content\/uploads\/2023\/05\/Terrazade-UTN-FRM-1024x498.jpg\" class=\"attachment-large size-large wp-image-498\" alt=\"\" srcset=\"https:\/\/sion2.frm.utn.edu.ar\/labauger\/wp-content\/uploads\/2023\/05\/Terrazade-UTN-FRM-1024x498.jpg 1024w, https:\/\/sion2.frm.utn.edu.ar\/labauger\/wp-content\/uploads\/2023\/05\/Terrazade-UTN-FRM-300x146.jpg 300w, https:\/\/sion2.frm.utn.edu.ar\/labauger\/wp-content\/uploads\/2023\/05\/Terrazade-UTN-FRM-768x373.jpg 768w, https:\/\/sion2.frm.utn.edu.ar\/labauger\/wp-content\/uploads\/2023\/05\/Terrazade-UTN-FRM-1536x747.jpg 1536w, https:\/\/sion2.frm.utn.edu.ar\/labauger\/wp-content\/uploads\/2023\/05\/Terrazade-UTN-FRM.jpg 1853w\" sizes=\"(max-width: 800px) 100vw, 800px\" \/>\t\t\t\t\t\t\t\t<\/a>\n\t\t\t\t\t\t\t\t\t\t\t<figcaption class=\"widget-image-caption wp-caption-text\">Terraza UTN - Mendoza<\/figcaption>\n\t\t\t\t\t\t\t\t\t\t<\/figure>\n\t\t\t\t\t\t\t\t\t<\/div>\n\t\t\t\t<\/div>\n\t\t\t\t\t<\/div>\n\t\t<\/div>\n\t\t\t\t\t\t\t<\/div>\n\t\t<\/section>\n\t\t\t\t<section class=\"elementor-section elementor-top-section elementor-element elementor-element-77135b4 elementor-section-boxed elementor-section-height-default elementor-section-height-default\" data-id=\"77135b4\" data-element_type=\"section\">\n\t\t\t\t\t\t<div class=\"elementor-container elementor-column-gap-default\">\n\t\t\t\t\t<div class=\"elementor-column elementor-col-100 elementor-top-column elementor-element elementor-element-9931108\" data-id=\"9931108\" data-element_type=\"column\">\n\t\t\t<div class=\"elementor-widget-wrap elementor-element-populated\">\n\t\t\t\t\t\t\t\t<div class=\"elementor-element elementor-element-02a4ef1 elementor-widget elementor-widget-text-editor\" data-id=\"02a4ef1\" data-element_type=\"widget\" data-widget_type=\"text-editor.default\">\n\t\t\t\t<div class=\"elementor-widget-container\">\n\t\t\t\t\t\t\t<p>En la Republica Argentina existen provincias y ciudades en donde se ha abordado el estudio de la contaminaci\u00f3n lum\u00ednica. Los estudios implican an\u00e1lisis de la situaci\u00f3n local y propuestas de mejoras, entre los ejemplos m\u00e1s interesantes podemos mencionar:<br \/>a) En el Dpto. de Calingasta (San Juan) se encuentra el Complejo Astron\u00f3mico El Leoncito. En un \u00e1rea de 15 km centrada en el telescopio de 2,15mts, se cumple la Ley Provincial n\u00ba 5771 de Protecci\u00f3n de la Calidad del Cielo.<br \/>b) En la Prov de Santa F\u00e9 la Ordenanza 6939\/2000 tambi\u00e9n asegura el control de la poluci\u00f3n lum\u00ednica.<br \/>c) En la Prov de Mendoza, ciudad de Malarg\u00fce, la Ordenanza 1298\/2005 asegura para esa ciudad un uso adecuado de las instalaciones de iluminaci\u00f3n para \u00abevitar la alteraci\u00f3n desordenada del medioambiente respecto de las condiciones naturales de oscuridad\u00bb.<\/p><figure id=\"attachment_495\" aria-describedby=\"caption-attachment-495\" style=\"width: 800px\" class=\"wp-caption aligncenter\"><a href=\"http:\/\/sion2.frm.utn.edu.ar\/labauger\/wp-content\/uploads\/2023\/05\/LP-Mza-SJ-2022.png\"><img loading=\"lazy\" decoding=\"async\" class=\"wp-image-495 size-large\" src=\"http:\/\/sion2.frm.utn.edu.ar\/labauger\/wp-content\/uploads\/2023\/05\/LP-Mza-SJ-2022-1024x502.png\" alt=\"\" width=\"800\" height=\"392\" data-wp-editing=\"1\" srcset=\"https:\/\/sion2.frm.utn.edu.ar\/labauger\/wp-content\/uploads\/2023\/05\/LP-Mza-SJ-2022-1024x502.png 1024w, https:\/\/sion2.frm.utn.edu.ar\/labauger\/wp-content\/uploads\/2023\/05\/LP-Mza-SJ-2022-300x147.png 300w, https:\/\/sion2.frm.utn.edu.ar\/labauger\/wp-content\/uploads\/2023\/05\/LP-Mza-SJ-2022-768x377.png 768w, https:\/\/sion2.frm.utn.edu.ar\/labauger\/wp-content\/uploads\/2023\/05\/LP-Mza-SJ-2022-1536x754.png 1536w, https:\/\/sion2.frm.utn.edu.ar\/labauger\/wp-content\/uploads\/2023\/05\/LP-Mza-SJ-2022.png 1920w\" sizes=\"(max-width: 800px) 100vw, 800px\" \/><\/a><figcaption id=\"caption-attachment-495\" class=\"wp-caption-text\">Mapa de contaminaci\u00f3n lum\u00ednica de la ciudad de Mendoza y provincias vecinas. Cr\u00e9ditos: https:\/\/<a href=\"https:\/\/www.lightpollutionmap.info\/\">www.lightpollutionmap.info\/<\/a><\/figcaption><\/figure>\t\t\t\t\t\t<\/div>\n\t\t\t\t<\/div>\n\t\t\t\t\t<\/div>\n\t\t<\/div>\n\t\t\t\t\t\t\t<\/div>\n\t\t<\/section>\n\t\t\t\t<section class=\"elementor-section elementor-top-section elementor-element elementor-element-7292ed1 elementor-section-boxed elementor-section-height-default elementor-section-height-default\" data-id=\"7292ed1\" data-element_type=\"section\">\n\t\t\t\t\t\t<div class=\"elementor-container elementor-column-gap-default\">\n\t\t\t\t\t<div class=\"elementor-column elementor-col-100 elementor-top-column elementor-element elementor-element-10f97fa\" data-id=\"10f97fa\" data-element_type=\"column\">\n\t\t\t<div class=\"elementor-widget-wrap elementor-element-populated\">\n\t\t\t\t\t\t\t\t<div class=\"elementor-element elementor-element-2539ca0 elementor-widget elementor-widget-text-editor\" data-id=\"2539ca0\" data-element_type=\"widget\" data-widget_type=\"text-editor.default\">\n\t\t\t\t<div class=\"elementor-widget-container\">\n\t\t\t\t\t\t\t<h6>Tesis<\/h6><p><strong>Licenciatura:<\/strong><\/p><p><strong>Claudia Lazzeroni (2019)<\/strong>,<em>\u00a0Impacto de la contaminaci\u00f3n lum\u00ednica en la calidad del cielo nocturno<\/em><br \/><em>en las ciudades. Estudio de caso: El barrio de Belgrano de la C.A. de Bs As<\/em>, Argentina.Universidad Nacional del Centro, Facultad de Ciencias Humanas Centro Educativo Digital, Ciclo de Licenciatura en Gesti\u00f3n Ambiental.<\/p><p>\u00a0<\/p><p><strong>Especializaci\u00f3n en Ingenier\u00eda Ambiental:<\/strong><\/p><p><strong>Jorge Benegas (2023),<\/strong> Estudio del impacto producido por la\u00a0 contaminaci\u00f3n lum\u00ednica del alumbrado p\u00fablico LED en el Parque Margarita Malharro de Torres, Provincia de Mendoza, en la calidad del cielo y la vida cotidiana nocturna. Maestr\u00eda en Ingenier\u00eda Ambiental, Facultad de Ingenier\u00eda \u2013 Universidad Nacional de Cuyo (<a href=\"https:\/\/drive.google.com\/file\/d\/1CWXvtQMqCtH6B-LebI9K6TcsdU9YyjOv\/view?usp=drive_link\">Descarga<\/a>).<\/p><p>\u00a0<\/p><p><strong>Presentaciones:<\/strong><\/p><p><em>\u2013 <a href=\"http:\/\/sion2.frm.utn.edu.ar\/labauger\/wp-content\/uploads\/2023\/05\/PolucionLuminicaResumenImagenes21.pdf\">Poluci\u00f3n Lum\u00ednica: un problema mundial con soluciones locales<\/a><br \/>\u2013 <a href=\"http:\/\/sion2.frm.utn.edu.ar\/labauger\/wp-content\/uploads\/2023\/05\/Contaminacion-luminica-Un-estudio-mediante-medicion-de-casos1.pdf\">Contaminaci\u00f3n lum\u00ednica: un estudio mediante medici\u00f3n de casos reales<\/a><br \/>\u2013 <a href=\"http:\/\/sion2.frm.utn.edu.ar\/labauger\/wp-content\/uploads\/2023\/05\/CL-Malargue-20051.pdf\">Proyecto en Malarg\u00fce<\/a><\/em><\/p><p>\u00a0<\/p><p><strong>Material Did\u00e1ctico<\/strong><\/p><p><strong>\u2013 <a href=\"http:\/\/sion2.frm.utn.edu.ar\/labauger\/wp-content\/uploads\/2023\/05\/KIT-PL-2017-SPA.pdf\">Kit de Actividades sobre Poluci\u00f3n Lum\u00ednica<\/a><a href=\"http:\/\/itedamza.frm.utn.edu.ar\/wp-content\/uploads\/2017\/12\/KIT-PL-2017-SPA.pdf\" target=\"_blank\" rel=\"noopener\"><br \/><\/a><\/strong>Este material relacionado con actividades pr\u00e1cticas para explicar y estudiar la contaminaci\u00f3n producida por la luz artificial, fue preparado especialmente por el Nodo Nacional de Difusi\u00f3n de la Astronom\u00eda. El kit puede descargarse libremente presionando <a href=\"http:\/\/sion2.frm.utn.edu.ar\/labauger\/wp-content\/uploads\/2023\/05\/KIT-PL-2017-SPA.pdf\">aqu\u00ed.<\/a><strong><a href=\"http:\/\/itedamza.frm.utn.edu.ar\/wp-content\/uploads\/2017\/12\/KIT-PL-2017-SPA.pdf\" target=\"_blank\" rel=\"noopener\"><br \/><\/a><em><a href=\"http:\/\/sion2.frm.utn.edu.ar\/labauger\/wp-content\/uploads\/2023\/05\/KIT-LP-2017-ENG.pdf\">&lt;Versi\u00f3n en ingl\u00e9s&gt;<\/a><\/em><\/strong><\/p><p><a href=\"http:\/\/sion2.frm.utn.edu.ar\/labauger\/wp-content\/uploads\/2023\/05\/GARCIA_Contaminacion_Luminica_CIENCIA_37_287-288.pdf\">-Una mirada a la contaminaci\u00f3n lum\u00ednica<\/a><a href=\"http:\/\/itedamza.frm.utn.edu.ar\/wp-content\/uploads\/2019\/12\/GARCIA_Contaminacion_Luminica_CIENCIA_37_287-288.pdf\">,<\/a>\u00a0Hojitas del Conocimiento num. 37, Instituto de Energ\u00eda y Desarrollo sustentable, CNEA<\/p><p>\u00a0<\/p><p><strong>Enlaces de inter\u00e9s:<\/strong><\/p><ul><li><a href=\"http:\/\/www.darksky.org\/\" target=\"_blank\" rel=\"noopener\">International Dark-Sky Association<\/a><\/li><li><a href=\"http:\/\/www.iac.es\/servicios.php?op1=28&amp;op2=69\" target=\"_blank\" rel=\"noopener\">Instituto de Astrof\u00edsica de Canarias<\/a><\/li><li><a href=\"http:\/\/www.cielobuio.org\/\" target=\"_blank\" rel=\"noopener\">Cielo Buio \u2013 Condinamento per la protezione del cielo notturno<\/a><\/li><li><a href=\"http:\/\/www.celfosc.org\/\" target=\"_blank\" rel=\"noopener\">Cel Fosc \u2013 Asociaci\u00f3n contra la Contaminaci\u00f3n Lum\u00ednica<\/a><\/li><li><a href=\"http:\/\/www.inquinamentoluminoso.it\/\" target=\"_blank\" rel=\"noopener\">Inquinamentoluminoso.it<\/a><\/li><li><a href=\"http:\/\/www.globeatnight.org\/\" target=\"_blank\" rel=\"noopener\">Globe at Night<\/a><\/li><li><a href=\"http:\/\/www.starlight2007.net\/\" target=\"_blank\" rel=\"noopener\">StarLight<\/a><\/li><\/ul>\t\t\t\t\t\t<\/div>\n\t\t\t\t<\/div>\n\t\t\t\t\t<\/div>\n\t\t<\/div>\n\t\t\t\t\t\t\t<\/div>\n\t\t<\/section>\n\t\t\t\t\t\t\t<\/div>\n\t\t","protected":false},"excerpt":{"rendered":"<p>\u00bfQu\u00e9 es la contaminaci\u00f3n o poluci\u00f3n lum\u00ednica? Es el brillo o resplandor de luz en el cielo nocturno producido por la reflexi\u00f3n y difusi\u00f3n de la luz artificial en los gases y en las part\u00edculas del aire. Entre otras cosas, es lo que nos impide disfrutar del derecho que tenemos a poder observar el firmamento. [&hellip;]<\/p>\n","protected":false},"author":1,"featured_media":0,"parent":0,"menu_order":0,"comment_status":"closed","ping_status":"closed","template":"","meta":{"footnotes":""},"class_list":["post-430","page","type-page","status-publish","hentry"],"_links":{"self":[{"href":"https:\/\/sion2.frm.utn.edu.ar\/labauger\/index.php?rest_route=\/wp\/v2\/pages\/430","targetHints":{"allow":["GET"]}}],"collection":[{"href":"https:\/\/sion2.frm.utn.edu.ar\/labauger\/index.php?rest_route=\/wp\/v2\/pages"}],"about":[{"href":"https:\/\/sion2.frm.utn.edu.ar\/labauger\/index.php?rest_route=\/wp\/v2\/types\/page"}],"author":[{"embeddable":true,"href":"https:\/\/sion2.frm.utn.edu.ar\/labauger\/index.php?rest_route=\/wp\/v2\/users\/1"}],"replies":[{"embeddable":true,"href":"https:\/\/sion2.frm.utn.edu.ar\/labauger\/index.php?rest_route=%2Fwp%2Fv2%2Fcomments&post=430"}],"version-history":[{"count":19,"href":"https:\/\/sion2.frm.utn.edu.ar\/labauger\/index.php?rest_route=\/wp\/v2\/pages\/430\/revisions"}],"predecessor-version":[{"id":797,"href":"https:\/\/sion2.frm.utn.edu.ar\/labauger\/index.php?rest_route=\/wp\/v2\/pages\/430\/revisions\/797"}],"wp:attachment":[{"href":"https:\/\/sion2.frm.utn.edu.ar\/labauger\/index.php?rest_route=%2Fwp%2Fv2%2Fmedia&parent=430"}],"curies":[{"name":"wp","href":"https:\/\/api.w.org\/{rel}","templated":true}]}}